{"id":83,"date":"2019-05-16T23:21:53","date_gmt":"2019-05-16T21:21:53","guid":{"rendered":"https:\/\/artisanartistique.fr\/?page_id=83"},"modified":"2022-08-08T14:37:11","modified_gmt":"2022-08-08T12:37:11","slug":"micro-edition-vili-vili","status":"publish","type":"page","link":"https:\/\/artisanartistique.fr\/index.php\/micro-edition-vili-vili\/","title":{"rendered":"\u00c9dition ViLi ViLi"},"content":{"rendered":"<h3><span style=\"color: #000000;\">La micro-\u00e9dition<\/span><br \/>\n<span style=\"color: #000000;\">\u00ab\u00a0V<em>ivre Libre, Vibre Livre<\/em>\u00a0\u00bb ou\u00a0 V<em>iLi ViLi<\/em>\u00a0propose des contes musicaux illustr\u00e9s pour les petits et grands enfants !<\/span><\/h3>\n<p style=\"text-align: center;\"><a href=\"https:\/\/www.facebook.com\/ViLi-ViLi-102764251609329\">https:\/\/www.facebook.com\/ViLi-ViLi<\/a><\/p>\n<h3><span style=\"color: #000000;\"><strong>3 contes d\u00e9j\u00e0 r\u00e9alis\u00e9s<\/strong>\u00a0:<\/span><\/h3>\n<p><em><strong><br \/>\nDans les dunes du d\u00e9sert<\/strong><\/em><\/p>\n<p>Le d\u00e9but d&rsquo;une trilogie o\u00f9 les animaux et les \u00e9l\u00e9ments se rencontrent.<br \/>\nLe premier tome est cyclique et ne n\u00e9cessite pas une suite.<br \/>\nPourtant celle-ci sera port\u00e9e et emport\u00e9e par la question :<br \/>\n\u00ab\u00a0Pourquoi ?\u00a0\u00bb !<\/p>\n<p><img loading=\"lazy\" decoding=\"async\" class=\"alignnone wp-image-626 size-large\" src=\"https:\/\/artisanartistique.fr\/wp-content\/uploads\/2020\/07\/desert-1024x682.jpg\" alt=\"\" width=\"1024\" height=\"682\" srcset=\"https:\/\/artisanartistique.fr\/wp-content\/uploads\/2020\/07\/desert-1024x682.jpg 1024w, https:\/\/artisanartistique.fr\/wp-content\/uploads\/2020\/07\/desert-300x200.jpg 300w, https:\/\/artisanartistique.fr\/wp-content\/uploads\/2020\/07\/desert-768x511.jpg 768w, https:\/\/artisanartistique.fr\/wp-content\/uploads\/2020\/07\/desert-1200x800.jpg 1200w\" sizes=\"auto, (max-width: 1024px) 100vw, 1024px\" \/><\/p>\n<p><a href=\"https:\/\/artisanartistique.fr\/wp-content\/uploads\/2019\/10\/dune.gif\" data-rel=\"lightbox-image-0\" data-rl_title=\"\" data-rl_caption=\"\" title=\"\"><img loading=\"lazy\" decoding=\"async\" class=\"aligncenter wp-image-344 size-full\" src=\"https:\/\/artisanartistique.fr\/wp-content\/uploads\/2019\/10\/dune.gif\" alt=\"\" width=\"620\" height=\"376\" \/><\/a><\/p>\n<p><em><strong>Conte Papillonien\u00a0<\/strong><\/em><br \/>\n<em><strong>petites p\u00e9rip\u00e9ties fleuresque<\/strong><\/em><\/p>\n<p>Premier tome d&rsquo;une trilogie d&rsquo;histoire de fleurs humaines qui vivent des aventures dans notre dr\u00f4le de monde.<br \/>\nCelui-ci n&rsquo;est pas cyclique et invite \u00e0 la suite !<\/p>\n<p><img loading=\"lazy\" decoding=\"async\" class=\"alignnone wp-image-624 size-large\" src=\"https:\/\/artisanartistique.fr\/wp-content\/uploads\/2020\/07\/papillon-1024x682.jpg\" alt=\"\" width=\"1024\" height=\"682\" srcset=\"https:\/\/artisanartistique.fr\/wp-content\/uploads\/2020\/07\/papillon-1024x682.jpg 1024w, https:\/\/artisanartistique.fr\/wp-content\/uploads\/2020\/07\/papillon-300x200.jpg 300w, https:\/\/artisanartistique.fr\/wp-content\/uploads\/2020\/07\/papillon-768x511.jpg 768w, https:\/\/artisanartistique.fr\/wp-content\/uploads\/2020\/07\/papillon-1200x800.jpg 1200w\" sizes=\"auto, (max-width: 1024px) 100vw, 1024px\" \/><\/p>\n<p><a href=\"https:\/\/artisanartistique.fr\/wp-content\/uploads\/2019\/10\/gifpapillon.gif\" data-rel=\"lightbox-image-1\" data-rl_title=\"\" data-rl_caption=\"\" title=\"\"><img loading=\"lazy\" decoding=\"async\" class=\"aligncenter wp-image-340 size-full\" src=\"https:\/\/artisanartistique.fr\/wp-content\/uploads\/2019\/10\/gifpapillon.gif\" alt=\"\" width=\"620\" height=\"376\" \/><\/a><\/p>\n<p><em><strong>Le petit enfant qui \u00e9tait g\u00e9ant\u00a0<\/strong><\/em><\/p>\n<p>Ce livre raconte l&rsquo;histoire d&rsquo;Arthur, d&rsquo;arts et de nature.<br \/>\nCelui-la n&rsquo;est pas cyclique et n&rsquo;a pas de suite !<\/p>\n<p><img loading=\"lazy\" decoding=\"async\" class=\"alignnone wp-image-625 size-large\" src=\"https:\/\/artisanartistique.fr\/wp-content\/uploads\/2020\/07\/arthur-1024x682.jpg\" alt=\"\" width=\"1024\" height=\"682\" srcset=\"https:\/\/artisanartistique.fr\/wp-content\/uploads\/2020\/07\/arthur-1024x682.jpg 1024w, https:\/\/artisanartistique.fr\/wp-content\/uploads\/2020\/07\/arthur-300x200.jpg 300w, https:\/\/artisanartistique.fr\/wp-content\/uploads\/2020\/07\/arthur-768x511.jpg 768w, https:\/\/artisanartistique.fr\/wp-content\/uploads\/2020\/07\/arthur-1200x800.jpg 1200w\" sizes=\"auto, (max-width: 1024px) 100vw, 1024px\" \/><\/p>\n<p><a href=\"https:\/\/artisanartistique.fr\/wp-content\/uploads\/2019\/10\/gifartur.gif\" data-rel=\"lightbox-image-2\" data-rl_title=\"\" data-rl_caption=\"\" title=\"\"><img loading=\"lazy\" decoding=\"async\" class=\"aligncenter wp-image-345 size-full\" src=\"https:\/\/artisanartistique.fr\/wp-content\/uploads\/2019\/10\/gifartur.gif\" alt=\"\" width=\"620\" height=\"376\" \/><\/a><\/p>\n<p><strong>2 histoires illustr\u00e9es en cours<\/strong>\u00a0mais pour l&rsquo;instant, seul leur titre sera d\u00e9voil\u00e9 :<\/p>\n<p><em><strong>Le Farfadet<\/strong><\/em><\/p>\n<p><em><strong>Je de cache cache<\/strong><\/em><\/p>\n<p><strong>Et encore 3 autres en pr\u00e9paration<\/strong>\u00a0et pour l&rsquo;instant rien ne sera d\u00e9voil\u00e9 !<\/p>\n<p>Les contes audio seront disponible en cd lors de l&rsquo;aboutissement du coffret des contes : contes illustr\u00e9s dans un coffret avec un cd de plus d&rsquo;1 heure de contes en musique !<\/p>\n<p>Ces livres sont imprim\u00e9s avec une imprimante qui utilise des encres \u00e0 la cire d&rsquo;abeille. Cette technique d&rsquo;impression est sens\u00e9e \u00eatre moins polluante et offre des jolies couleurs vives.<br \/>\nNous avons \u00e9crit, illustr\u00e9 et mis en pages, puis imprim\u00e9, reli\u00e9 et massicot\u00e9 plusieurs petites s\u00e9rie de ces contes.<br \/>\nLes jaquettes sont tir\u00e9es chez un imprimeur local.<br \/>\nNous proposons un prix de base pour \u00e9quilibrer nos d\u00e9penses et r\u00e9mun\u00e9rer le temps de manufacture.<br \/>\nDans l&rsquo;ordre des trois contes illustr\u00e9s pr\u00e9sent\u00e9s plus haut : 7, 15 et 12 euros<br \/>\nUne derni\u00e8re petite chose : c&rsquo;est en les lisant que Vivent et Vibrent ces Livres, mais Libre \u00e0 vous de donner un peu plus pour la micro \u00e9dition Vivre Libre, Vibre Livre ! Vili Vili, merci<\/p>\n<p><a href=\"https:\/\/www.youtube.com\/watch?v=NAiHGAXYoHw\" data-rel=\"lightbox-video-0\">clic ici pour voir ViLi ViLi et \\SLASH\/ en video<\/a><\/p>\n<p>berengere.dimeur@artisanartistique.fr<br \/>\nhugo.imbert@artisanartistique.fr<\/p>\n","protected":false},"excerpt":{"rendered":"<p>La micro-\u00e9dition \u00ab\u00a0Vivre Libre, Vibre Livre\u00a0\u00bb ou\u00a0 ViLi ViLi\u00a0propose des contes musicaux illustr\u00e9s pour les petits et grands enfants ! https:\/\/www.facebook.com\/ViLi-ViLi 3 contes d\u00e9j\u00e0 r\u00e9alis\u00e9s\u00a0: Dans les dunes du d\u00e9sert Le d\u00e9but d&rsquo;une trilogie o\u00f9 les animaux et les \u00e9l\u00e9ments se rencontrent. Le premier tome est cyclique et ne n\u00e9cessite pas une suite. Pourtant celle-ci [&hellip;]<\/p>\n","protected":false},"author":1,"featured_media":525,"parent":0,"menu_order":0,"comment_status":"closed","ping_status":"closed","template":"","meta":{"footnotes":""},"class_list":["post-83","page","type-page","status-publish","has-post-thumbnail","hentry"],"_links":{"self":[{"href":"https:\/\/artisanartistique.fr\/index.php\/wp-json\/wp\/v2\/pages\/83","targetHints":{"allow":["GET"]}}],"collection":[{"href":"https:\/\/artisanartistique.fr\/index.php\/wp-json\/wp\/v2\/pages"}],"about":[{"href":"https:\/\/artisanartistique.fr\/index.php\/wp-json\/wp\/v2\/types\/page"}],"author":[{"embeddable":true,"href":"https:\/\/artisanartistique.fr\/index.php\/wp-json\/wp\/v2\/users\/1"}],"replies":[{"embeddable":true,"href":"https:\/\/artisanartistique.fr\/index.php\/wp-json\/wp\/v2\/comments?post=83"}],"version-history":[{"count":0,"href":"https:\/\/artisanartistique.fr\/index.php\/wp-json\/wp\/v2\/pages\/83\/revisions"}],"wp:featuredmedia":[{"embeddable":true,"href":"https:\/\/artisanartistique.fr\/index.php\/wp-json\/wp\/v2\/media\/525"}],"wp:attachment":[{"href":"https:\/\/artisanartistique.fr\/index.php\/wp-json\/wp\/v2\/media?parent=83"}],"curies":[{"name":"wp","href":"https:\/\/api.w.org\/{rel}","templated":true}]}}